{"id":144,"date":"2022-02-28T16:23:20","date_gmt":"2022-02-28T16:23:20","guid":{"rendered":"http:\/\/mmtk.hu\/?page_id=144"},"modified":"2022-02-28T16:35:00","modified_gmt":"2022-02-28T16:35:00","slug":"esemenyemlekezteto-100-ev-sikerei-analog-es-digitalis-egyesulettorteneti-mediatartalom","status":"publish","type":"page","link":"http:\/\/mmtk.hu\/?page_id=144","title":{"rendered":"Esem\u00e9nyeml\u00e9keztet\u0151   100 \u00e9v sikerei \u2013 anal\u00f3g \u00e9s digit\u00e1lis egyes\u00fclett\u00f6rt\u00e9neti m\u00e9diatartalom"},"content":{"rendered":"\n<div class=\"wp-block-image\"><figure class=\"alignright size-thumbnail\"><img loading=\"lazy\" width=\"150\" height=\"150\" src=\"http:\/\/mmtk.hu\/wp-content\/uploads\/2022\/02\/mmtkuj-150x150.jpg\" alt=\"\" class=\"wp-image-147\"\/><\/figure><\/div>\n\n\n\n<h1>\u201eAz els\u0151 100 \u00e9v\u201d sportt\u00f6rt\u00e9neti szakk\u00f6nyv \u00fcnnep\u00e9lyes k\u00f6nyvbemutat\u00f3ja<\/h1>\n\n\n\n<p><strong>Esem\u00e9nyeml\u00e9keztet\u0151<\/strong><\/p>\n\n\n\n<p class=\"has-text-align-left\">A Top-7.1.1-16-H-ESZA-2019-01206 k\u00f3dsz\u00e1m\u00fa <strong>100 \u00e9v sikerei \u2013 anal\u00f3g \u00e9s digit\u00e1lis egyes\u00fclett\u00f6rt\u00e9neti m\u00e9diatartalom <\/strong>c\u00edm\u0171 projekt keret\u00e9ben elk\u00e9sz\u00fclt \u201eAz els\u0151 100 \u00e9v\u201d c\u00edm\u0171 sportt\u00f6rt\u00e9neti szakk\u00f6nyv k\u00f6nyvbemutat\u00f3j\u00e1nak megrendez\u00e9s\u00e9re 2021. 12. 01-j\u00e9n a M\u00e1t\u00e9szalkai Szentp\u00e9tery Zsigmond Kultur\u00e1lis K\u00f6zpont \u00e9s Sz\u00ednh\u00e1z Dienes Gal\u00e9ri\u00e1j\u00e1ban ker\u00fclt sor.<\/p>\n\n\n\n<p class=\"has-text-align-left\">A sportegyes\u00fclet eln\u00f6ks\u00e9ge \u00e9s a jubileumi \u00fcnneps\u00e9gsorozat szervez\u0151bizotts\u00e1ga nev\u00e9ben Torma Tam\u00e1s Attila, M\u00e1t\u00e9szalka V\u00e1ros alpolg\u00e1rmestere, az MMTK eln\u00f6ke k\u00f6sz\u00f6nt\u00f6tte a megjelenteket. A rendezv\u00e9nyt megtisztelte jelenl\u00e9t\u00e9vel Kov\u00e1cs S\u00e1ndor, a t\u00e9rs\u00e9g egy\u00e9ni orsz\u00e1ggy\u0171l\u00e9si k\u00e9pvisel\u0151je, aki ismertette az elm\u00falt id\u0151szak sportt\u00e1mogat\u00e1si rendszer\u00e9nek alakul\u00e1s\u00e1t.<\/p>\n\n\n\n<p class=\"has-text-align-left\">Ezt k\u00f6vet\u0151en Buzog\u00e1ny B\u00e9la Sz\u00ednh\u00e1za \u201eEgy\u00fctt a csapat\u201d c\u00edm\u0171 musical-v\u00e1logat\u00e1s\u00e1t hallgathatt\u00e1k meg a jelenl\u00e9v\u0151k Kiss \u00c1gnes \u00e9s Baksa Andr\u00e1s el\u0151ad\u00e1s\u00e1ban.<\/p>\n\n\n\n<p class=\"has-text-align-left\">Sz\u00fccs R\u00f3bert \u00e9s Zsoldos Barnab\u00e1s szak\u00edr\u00f3k prezent\u00e1lt\u00e1k \u201eAz els\u0151 100 \u00e9v\u201d c\u00edm\u0171 sportt\u00f6rt\u00e9neti szakk\u00f6nyv bemutat\u00f3j\u00e1t projektoros vet\u00edt\u00e9s \u00e9s felolvas\u00e1s keret\u00e9ben.<\/p>\n\n\n\n<p class=\"has-text-align-left\">A szakk\u00f6nyvbemutat\u00f3j\u00e1t k\u00f6vet\u0151en meghirdett\u00e9k az \u201eEls\u0151 \u00e9vsz\u00e1zad &#8211; MMTK 2021\u201d c\u00edm\u0171 k\u00f6z\u00e9piskol\u00e1s helyt\u00f6rt\u00e9neti kutat\u00f3\u00e9v p\u00e1ly\u00e1zatot. A rendezv\u00e9nyt \u00e1ll\u00f3fogad\u00e1s \u00e9s k\u00f6tetlen besz\u00e9lget\u00e9s z\u00e1rta.<\/p>\n\n\n\n<p class=\"has-text-align-left\">A rendezv\u00e9nyt megel\u0151z\u0151 sajt\u00f3t\u00e1j\u00e9koztat\u00f3n a sajt\u00f3 k\u00e9pvisel\u0151inek lehet\u0151s\u00e9ge volt interj\u00fak, tud\u00f3s\u00edt\u00e1sok, v\u00e1g\u00f3k\u00e9pek k\u00e9sz\u00edt\u00e9s\u00e9re, k\u00e9rd\u00e9sek feltev\u00e9s\u00e9re.<\/p>\n\n\n\n<p class=\"has-text-align-left\">A rendezv\u00e9ny a vonatkoz\u00f3 j\u00e1rv\u00e1ny\u00fcgyi szab\u00e1lyoknak \u00e9s utas\u00edt\u00e1soknak megfelel\u0151en ker\u00fclt megrendez\u00e9sre.<\/p>\n\n\n\n<div class=\"wp-block-image\"><figure class=\"alignright size-full is-resized\"><img loading=\"lazy\" src=\"http:\/\/mmtk.hu\/wp-content\/uploads\/2021\/10\/szechenyiterv.jpg\" alt=\"\" class=\"wp-image-114\" width=\"388\" height=\"269\" srcset=\"http:\/\/mmtk.hu\/wp-content\/uploads\/2021\/10\/szechenyiterv.jpg 435w, http:\/\/mmtk.hu\/wp-content\/uploads\/2021\/10\/szechenyiterv-300x208.jpg 300w\" sizes=\"(max-width: 388px) 100vw, 388px\" \/><\/figure><\/div>\n","protected":false},"excerpt":{"rendered":"<p>\u201eAz els\u0151 100 \u00e9v\u201d sportt\u00f6rt\u00e9neti szakk\u00f6nyv \u00fcnnep\u00e9lyes k\u00f6nyvbemutat\u00f3ja Esem\u00e9nyeml\u00e9keztet\u0151 A Top-7.1.1-16-H-ESZA-2019-01206 k\u00f3dsz\u00e1m\u00fa 100 \u00e9v sikerei \u2013 anal\u00f3g \u00e9s digit\u00e1lis egyes\u00fclett\u00f6rt\u00e9neti m\u00e9diatartalom c\u00edm\u0171 projekt keret\u00e9ben elk\u00e9sz\u00fclt \u201eAz els\u0151 100 \u00e9v\u201d c\u00edm\u0171 sportt\u00f6rt\u00e9neti szakk\u00f6nyv k\u00f6nyvbemutat\u00f3j\u00e1nak megrendez\u00e9s\u00e9re 2021. 12. 01-j\u00e9n a M\u00e1t\u00e9szalkai Szentp\u00e9tery Zsigmond Kultur\u00e1lis K\u00f6zpont \u00e9s Sz\u00ednh\u00e1z Dienes Gal\u00e9ri\u00e1j\u00e1ban ker\u00fclt sor. A<\/p>\n","protected":false},"author":1,"featured_media":0,"parent":0,"menu_order":0,"comment_status":"closed","ping_status":"closed","template":"","meta":{"_monsterinsights_skip_tracking":false,"_monsterinsights_sitenote_active":false,"_monsterinsights_sitenote_note":"","_monsterinsights_sitenote_category":0},"yoast_head":"<!-- This site is optimized with the Yoast SEO plugin v17.3 - https:\/\/yoast.com\/wordpress\/plugins\/seo\/ -->\n<title>Esem\u00e9nyeml\u00e9keztet\u0151  100 \u00e9v sikerei \u2013 anal\u00f3g \u00e9s digit\u00e1lis egyes\u00fclett\u00f6rt\u00e9neti m\u00e9diatartalom - MMTK<\/title>\n<meta name=\"robots\" content=\"index, follow, max-snippet:-1, max-image-preview:large, max-video-preview:-1\" \/>\n<link rel=\"canonical\" href=\"http:\/\/mmtk.hu\/?page_id=144\" \/>\n<meta property=\"og:locale\" content=\"hu_HU\" \/>\n<meta property=\"og:type\" content=\"article\" \/>\n<meta property=\"og:title\" content=\"Esem\u00e9nyeml\u00e9keztet\u0151  100 \u00e9v sikerei \u2013 anal\u00f3g \u00e9s digit\u00e1lis egyes\u00fclett\u00f6rt\u00e9neti m\u00e9diatartalom - MMTK\" \/>\n<meta property=\"og:description\" content=\"\u201eAz els\u0151 100 \u00e9v\u201d sportt\u00f6rt\u00e9neti szakk\u00f6nyv \u00fcnnep\u00e9lyes k\u00f6nyvbemutat\u00f3ja Esem\u00e9nyeml\u00e9keztet\u0151 A Top-7.1.1-16-H-ESZA-2019-01206 k\u00f3dsz\u00e1m\u00fa 100 \u00e9v sikerei \u2013 anal\u00f3g \u00e9s digit\u00e1lis egyes\u00fclett\u00f6rt\u00e9neti m\u00e9diatartalom c\u00edm\u0171 projekt keret\u00e9ben elk\u00e9sz\u00fclt \u201eAz els\u0151 100 \u00e9v\u201d c\u00edm\u0171 sportt\u00f6rt\u00e9neti szakk\u00f6nyv k\u00f6nyvbemutat\u00f3j\u00e1nak megrendez\u00e9s\u00e9re 2021. 12. 01-j\u00e9n a M\u00e1t\u00e9szalkai Szentp\u00e9tery Zsigmond Kultur\u00e1lis K\u00f6zpont \u00e9s Sz\u00ednh\u00e1z Dienes Gal\u00e9ri\u00e1j\u00e1ban ker\u00fclt sor. A\" \/>\n<meta property=\"og:url\" content=\"http:\/\/mmtk.hu\/?page_id=144\" \/>\n<meta property=\"og:site_name\" content=\"MMTK\" \/>\n<meta property=\"article:modified_time\" content=\"2022-02-28T16:35:00+00:00\" \/>\n<meta property=\"og:image\" content=\"http:\/\/mmtk.hu\/wp-content\/uploads\/2022\/02\/mmtkuj-150x150.jpg\" \/>\n<meta name=\"twitter:card\" content=\"summary_large_image\" \/>\n<meta name=\"twitter:label1\" content=\"Becs\u00fclt olvas\u00e1si id\u0151\" \/>\n\t<meta name=\"twitter:data1\" content=\"2 perc\" \/>\n<script type=\"application\/ld+json\" class=\"yoast-schema-graph\">{\"@context\":\"https:\/\/schema.org\",\"@graph\":[{\"@type\":\"WebSite\",\"@id\":\"http:\/\/mmtk.hu\/#website\",\"url\":\"http:\/\/mmtk.hu\/\",\"name\":\"MMTK\",\"description\":\"M\\u00e1t\\u00e9szalkai Munk\\u00e1s Testgyakorl\\u00f3k K\\u00f6re\",\"potentialAction\":[{\"@type\":\"SearchAction\",\"target\":{\"@type\":\"EntryPoint\",\"urlTemplate\":\"http:\/\/mmtk.hu\/?s={search_term_string}\"},\"query-input\":\"required name=search_term_string\"}],\"inLanguage\":\"hu\"},{\"@type\":\"ImageObject\",\"@id\":\"http:\/\/mmtk.hu\/?page_id=144#primaryimage\",\"inLanguage\":\"hu\",\"url\":\"http:\/\/mmtk.hu\/wp-content\/uploads\/2022\/02\/mmtkuj.jpg\",\"contentUrl\":\"http:\/\/mmtk.hu\/wp-content\/uploads\/2022\/02\/mmtkuj.jpg\",\"width\":329,\"height\":344},{\"@type\":\"WebPage\",\"@id\":\"http:\/\/mmtk.hu\/?page_id=144#webpage\",\"url\":\"http:\/\/mmtk.hu\/?page_id=144\",\"name\":\"Esem\\u00e9nyeml\\u00e9keztet\\u0151 100 \\u00e9v sikerei \\u2013 anal\\u00f3g \\u00e9s digit\\u00e1lis egyes\\u00fclett\\u00f6rt\\u00e9neti m\\u00e9diatartalom - MMTK\",\"isPartOf\":{\"@id\":\"http:\/\/mmtk.hu\/#website\"},\"primaryImageOfPage\":{\"@id\":\"http:\/\/mmtk.hu\/?page_id=144#primaryimage\"},\"datePublished\":\"2022-02-28T16:23:20+00:00\",\"dateModified\":\"2022-02-28T16:35:00+00:00\",\"breadcrumb\":{\"@id\":\"http:\/\/mmtk.hu\/?page_id=144#breadcrumb\"},\"inLanguage\":\"hu\",\"potentialAction\":[{\"@type\":\"ReadAction\",\"target\":[\"http:\/\/mmtk.hu\/?page_id=144\"]}]},{\"@type\":\"BreadcrumbList\",\"@id\":\"http:\/\/mmtk.hu\/?page_id=144#breadcrumb\",\"itemListElement\":[{\"@type\":\"ListItem\",\"position\":1,\"name\":\"Kezd\\u0151lap\",\"item\":\"http:\/\/mmtk.hu\/\"},{\"@type\":\"ListItem\",\"position\":2,\"name\":\"Esem\\u00e9nyeml\\u00e9keztet\\u0151 100 \\u00e9v sikerei \\u2013 anal\\u00f3g \\u00e9s digit\\u00e1lis egyes\\u00fclett\\u00f6rt\\u00e9neti m\\u00e9diatartalom\"}]}]}<\/script>\n<!-- \/ Yoast SEO plugin. -->","yoast_head_json":{"title":"Esem\u00e9nyeml\u00e9keztet\u0151  100 \u00e9v sikerei \u2013 anal\u00f3g \u00e9s digit\u00e1lis egyes\u00fclett\u00f6rt\u00e9neti m\u00e9diatartalom - MMTK","robots":{"index":"index","follow":"follow","max-snippet":"max-snippet:-1","max-image-preview":"max-image-preview:large","max-video-preview":"max-video-preview:-1"},"canonical":"http:\/\/mmtk.hu\/?page_id=144","og_locale":"hu_HU","og_type":"article","og_title":"Esem\u00e9nyeml\u00e9keztet\u0151  100 \u00e9v sikerei \u2013 anal\u00f3g \u00e9s digit\u00e1lis egyes\u00fclett\u00f6rt\u00e9neti m\u00e9diatartalom - MMTK","og_description":"\u201eAz els\u0151 100 \u00e9v\u201d sportt\u00f6rt\u00e9neti szakk\u00f6nyv \u00fcnnep\u00e9lyes k\u00f6nyvbemutat\u00f3ja Esem\u00e9nyeml\u00e9keztet\u0151 A Top-7.1.1-16-H-ESZA-2019-01206 k\u00f3dsz\u00e1m\u00fa 100 \u00e9v sikerei \u2013 anal\u00f3g \u00e9s digit\u00e1lis egyes\u00fclett\u00f6rt\u00e9neti m\u00e9diatartalom c\u00edm\u0171 projekt keret\u00e9ben elk\u00e9sz\u00fclt \u201eAz els\u0151 100 \u00e9v\u201d c\u00edm\u0171 sportt\u00f6rt\u00e9neti szakk\u00f6nyv k\u00f6nyvbemutat\u00f3j\u00e1nak megrendez\u00e9s\u00e9re 2021. 12. 01-j\u00e9n a M\u00e1t\u00e9szalkai Szentp\u00e9tery Zsigmond Kultur\u00e1lis K\u00f6zpont \u00e9s Sz\u00ednh\u00e1z Dienes Gal\u00e9ri\u00e1j\u00e1ban ker\u00fclt sor. A","og_url":"http:\/\/mmtk.hu\/?page_id=144","og_site_name":"MMTK","article_modified_time":"2022-02-28T16:35:00+00:00","og_image":[{"url":"http:\/\/mmtk.hu\/wp-content\/uploads\/2022\/02\/mmtkuj-150x150.jpg"}],"twitter_card":"summary_large_image","twitter_misc":{"Becs\u00fclt olvas\u00e1si id\u0151":"2 perc"},"schema":{"@context":"https:\/\/schema.org","@graph":[{"@type":"WebSite","@id":"http:\/\/mmtk.hu\/#website","url":"http:\/\/mmtk.hu\/","name":"MMTK","description":"M\u00e1t\u00e9szalkai Munk\u00e1s Testgyakorl\u00f3k K\u00f6re","potentialAction":[{"@type":"SearchAction","target":{"@type":"EntryPoint","urlTemplate":"http:\/\/mmtk.hu\/?s={search_term_string}"},"query-input":"required name=search_term_string"}],"inLanguage":"hu"},{"@type":"ImageObject","@id":"http:\/\/mmtk.hu\/?page_id=144#primaryimage","inLanguage":"hu","url":"http:\/\/mmtk.hu\/wp-content\/uploads\/2022\/02\/mmtkuj.jpg","contentUrl":"http:\/\/mmtk.hu\/wp-content\/uploads\/2022\/02\/mmtkuj.jpg","width":329,"height":344},{"@type":"WebPage","@id":"http:\/\/mmtk.hu\/?page_id=144#webpage","url":"http:\/\/mmtk.hu\/?page_id=144","name":"Esem\u00e9nyeml\u00e9keztet\u0151 100 \u00e9v sikerei \u2013 anal\u00f3g \u00e9s digit\u00e1lis egyes\u00fclett\u00f6rt\u00e9neti m\u00e9diatartalom - MMTK","isPartOf":{"@id":"http:\/\/mmtk.hu\/#website"},"primaryImageOfPage":{"@id":"http:\/\/mmtk.hu\/?page_id=144#primaryimage"},"datePublished":"2022-02-28T16:23:20+00:00","dateModified":"2022-02-28T16:35:00+00:00","breadcrumb":{"@id":"http:\/\/mmtk.hu\/?page_id=144#breadcrumb"},"inLanguage":"hu","potentialAction":[{"@type":"ReadAction","target":["http:\/\/mmtk.hu\/?page_id=144"]}]},{"@type":"BreadcrumbList","@id":"http:\/\/mmtk.hu\/?page_id=144#breadcrumb","itemListElement":[{"@type":"ListItem","position":1,"name":"Kezd\u0151lap","item":"http:\/\/mmtk.hu\/"},{"@type":"ListItem","position":2,"name":"Esem\u00e9nyeml\u00e9keztet\u0151 100 \u00e9v sikerei \u2013 anal\u00f3g \u00e9s digit\u00e1lis egyes\u00fclett\u00f6rt\u00e9neti m\u00e9diatartalom"}]}]}},"_links":{"self":[{"href":"http:\/\/mmtk.hu\/index.php?rest_route=\/wp\/v2\/pages\/144"}],"collection":[{"href":"http:\/\/mmtk.hu\/index.php?rest_route=\/wp\/v2\/pages"}],"about":[{"href":"http:\/\/mmtk.hu\/index.php?rest_route=\/wp\/v2\/types\/page"}],"author":[{"embeddable":true,"href":"http:\/\/mmtk.hu\/index.php?rest_route=\/wp\/v2\/users\/1"}],"replies":[{"embeddable":true,"href":"http:\/\/mmtk.hu\/index.php?rest_route=%2Fwp%2Fv2%2Fcomments&post=144"}],"version-history":[{"count":2,"href":"http:\/\/mmtk.hu\/index.php?rest_route=\/wp\/v2\/pages\/144\/revisions"}],"predecessor-version":[{"id":149,"href":"http:\/\/mmtk.hu\/index.php?rest_route=\/wp\/v2\/pages\/144\/revisions\/149"}],"wp:attachment":[{"href":"http:\/\/mmtk.hu\/index.php?rest_route=%2Fwp%2Fv2%2Fmedia&parent=144"}],"curies":[{"name":"wp","href":"https:\/\/api.w.org\/{rel}","templated":true}]}}